{"id":156,"date":"2022-04-22T06:45:29","date_gmt":"2022-04-22T05:45:29","guid":{"rendered":"http:\/\/mojevyslapy.betunak.cz\/?page_id=156"},"modified":"2023-01-08T13:26:04","modified_gmt":"2023-01-08T12:26:04","slug":"brezen-2022","status":"publish","type":"page","link":"https:\/\/mojevyslapy.betunak.cz\/?page_id=156","title":{"rendered":"B\u0159ezen 2022"},"content":{"rendered":"<div class=\"wp-block-image\">\n<figure class=\"alignright size-full is-resized\"><a href=\"https:\/\/mapy.cz\/s\/rajojajete\" target=\"_blank\" rel=\"noreferrer noopener\"><img loading=\"lazy\" decoding=\"async\" src=\"https:\/\/mojevyslapy.betunak.cz\/wp-content\/uploads\/2023\/01\/Sulov.jpg\" alt=\"\" class=\"wp-image-1173\" width=\"121\" height=\"127\" srcset=\"https:\/\/mojevyslapy.betunak.cz\/wp-content\/uploads\/2023\/01\/Sulov.jpg 521w, https:\/\/mojevyslapy.betunak.cz\/wp-content\/uploads\/2023\/01\/Sulov-286x300.jpg 286w\" sizes=\"auto, (max-width: 121px) 100vw, 121px\" \/><\/a><\/figure><\/div>\n\n<p><span id=\"12.3.22\" class=\"sta-anchor \" aria-hidden=\"true\"><\/span>12.3.2022 Sulov \u2013 Roh\u00e1\u010d<br \/>\n12,2 km<br \/>\nngg_shortcode_0_placeholder<\/p>\n\n\n<div class=\"wp-block-image\">\n<figure class=\"alignright size-large is-resized\"><a href=\"https:\/\/mapy.cz\/s\/gutovusalo\" target=\"_blank\" rel=\"noreferrer noopener\"><img loading=\"lazy\" decoding=\"async\" src=\"https:\/\/mojevyslapy.betunak.cz\/wp-content\/uploads\/2023\/01\/Halenkov-Huslenky-1024x734.jpg\" alt=\"\" class=\"wp-image-1175\" width=\"121\" height=\"87\" srcset=\"https:\/\/mojevyslapy.betunak.cz\/wp-content\/uploads\/2023\/01\/Halenkov-Huslenky-1024x734.jpg 1024w, https:\/\/mojevyslapy.betunak.cz\/wp-content\/uploads\/2023\/01\/Halenkov-Huslenky-300x215.jpg 300w, https:\/\/mojevyslapy.betunak.cz\/wp-content\/uploads\/2023\/01\/Halenkov-Huslenky-768x550.jpg 768w, https:\/\/mojevyslapy.betunak.cz\/wp-content\/uploads\/2023\/01\/Halenkov-Huslenky.jpg 1045w\" sizes=\"auto, (max-width: 121px) 100vw, 121px\" \/><\/a><\/figure><\/div>\n\n<p><span id=\"19.3.22\" class=\"sta-anchor \" aria-hidden=\"true\"><\/span>19.3.2022 Halenkov \u2013 Huslenky<br \/>\n15,2 km<br \/>\nngg_shortcode_1_placeholder<\/p>\n\n\n<div class=\"wp-block-image\">\n<figure class=\"alignright size-full is-resized\"><a href=\"https:\/\/mapy.cz\/s\/kokukutemu\" target=\"_blank\" rel=\"noreferrer noopener\"><img loading=\"lazy\" decoding=\"async\" src=\"https:\/\/mojevyslapy.betunak.cz\/wp-content\/uploads\/2023\/01\/Jankovice-tesak.jpg\" alt=\"\" class=\"wp-image-1177\" width=\"301\" height=\"106\" srcset=\"https:\/\/mojevyslapy.betunak.cz\/wp-content\/uploads\/2023\/01\/Jankovice-tesak.jpg 998w, https:\/\/mojevyslapy.betunak.cz\/wp-content\/uploads\/2023\/01\/Jankovice-tesak-300x106.jpg 300w, https:\/\/mojevyslapy.betunak.cz\/wp-content\/uploads\/2023\/01\/Jankovice-tesak-768x271.jpg 768w\" sizes=\"auto, (max-width: 301px) 100vw, 301px\" \/><\/a><\/figure><\/div>\n\n<p><span id=\"21.3.22\" class=\"sta-anchor \" aria-hidden=\"true\"><\/span>21.3.2022 Jankovice \u2013 Tes\u00e1k<br \/>\n12,2 km<br \/>\nngg_shortcode_2_placeholder<\/p>\n\n\n<div class=\"wp-block-image\">\n<figure class=\"alignright size-full is-resized\"><a href=\"https:\/\/mapy.cz\/s\/cutamugude\" target=\"_blank\" rel=\"noreferrer noopener\"><img loading=\"lazy\" decoding=\"async\" src=\"https:\/\/mojevyslapy.betunak.cz\/wp-content\/uploads\/2023\/01\/Bystricka-V.Bystrice.jpg\" alt=\"\" class=\"wp-image-1179\" width=\"99\" height=\"92\" srcset=\"https:\/\/mojevyslapy.betunak.cz\/wp-content\/uploads\/2023\/01\/Bystricka-V.Bystrice.jpg 451w, https:\/\/mojevyslapy.betunak.cz\/wp-content\/uploads\/2023\/01\/Bystricka-V.Bystrice-300x279.jpg 300w\" sizes=\"auto, (max-width: 99px) 100vw, 99px\" \/><\/a><\/figure><\/div>\n\n<p><span id=\"26.3.22\" class=\"sta-anchor \" aria-hidden=\"true\"><\/span>26.3.2022 Byst\u0159i\u010dka U Bu\u0161\u016f \u2013 Vala\u0161sk\u00e1 Byst\u0159ice<br \/>\n12,2 km<br \/>\nngg_shortcode_3_placeholder<\/p>\n\n\n<div class=\"wp-block-image\">\n<figure class=\"alignright size-full is-resized\"><a href=\"https:\/\/mapy.cz\/s\/bonepaleka\" target=\"_blank\" rel=\"noreferrer noopener\"><img loading=\"lazy\" decoding=\"async\" src=\"https:\/\/mojevyslapy.betunak.cz\/wp-content\/uploads\/2023\/01\/Mandlova-stezka.jpg\" alt=\"\" class=\"wp-image-1182\" width=\"70\" height=\"118\" srcset=\"https:\/\/mojevyslapy.betunak.cz\/wp-content\/uploads\/2023\/01\/Mandlova-stezka.jpg 368w, https:\/\/mojevyslapy.betunak.cz\/wp-content\/uploads\/2023\/01\/Mandlova-stezka-178x300.jpg 178w\" sizes=\"auto, (max-width: 70px) 100vw, 70px\" \/><\/a><\/figure><\/div>\n\n<p><span id=\"30.3.22\" class=\"sta-anchor \" aria-hidden=\"true\"><\/span>30.3.2022 Hustope\u010de u Brna \u2013 Mandlov\u00e1 stezka<br \/>\n12,2 km<br \/>\nngg_shortcode_4_placeholder<\/p>\n","protected":false},"excerpt":{"rendered":"","protected":false},"author":1,"featured_media":0,"parent":0,"menu_order":0,"comment_status":"closed","ping_status":"closed","template":"","meta":{"ngg_post_thumbnail":0,"footnotes":""},"class_list":["post-156","page","type-page","status-publish","hentry"],"jetpack_sharing_enabled":true,"_links":{"self":[{"href":"https:\/\/mojevyslapy.betunak.cz\/index.php?rest_route=\/wp\/v2\/pages\/156","targetHints":{"allow":["GET"]}}],"collection":[{"href":"https:\/\/mojevyslapy.betunak.cz\/index.php?rest_route=\/wp\/v2\/pages"}],"about":[{"href":"https:\/\/mojevyslapy.betunak.cz\/index.php?rest_route=\/wp\/v2\/types\/page"}],"author":[{"embeddable":true,"href":"https:\/\/mojevyslapy.betunak.cz\/index.php?rest_route=\/wp\/v2\/users\/1"}],"replies":[{"embeddable":true,"href":"https:\/\/mojevyslapy.betunak.cz\/index.php?rest_route=%2Fwp%2Fv2%2Fcomments&post=156"}],"version-history":[{"count":0,"href":"https:\/\/mojevyslapy.betunak.cz\/index.php?rest_route=\/wp\/v2\/pages\/156\/revisions"}],"wp:attachment":[{"href":"https:\/\/mojevyslapy.betunak.cz\/index.php?rest_route=%2Fwp%2Fv2%2Fmedia&parent=156"}],"curies":[{"name":"wp","href":"https:\/\/api.w.org\/{rel}","templated":true}]}}