{"id":2401,"date":"2024-04-15T16:04:32","date_gmt":"2024-04-15T15:04:32","guid":{"rendered":"https:\/\/mojevyslapy.betunak.cz\/?page_id=2401"},"modified":"2024-04-28T16:49:06","modified_gmt":"2024-04-28T15:49:06","slug":"cyklo-duben-24","status":"publish","type":"page","link":"https:\/\/mojevyslapy.betunak.cz\/?page_id=2401","title":{"rendered":"Cyklo Duben 2024"},"content":{"rendered":"\n<p><\/p>\n\n\n<div class=\"wp-block-image\">\n<figure class=\"alignright size-full is-resized\"><a href=\"https:\/\/mapy.cz\/s\/rekebubosa\" target=\"_blank\" rel=\"noreferrer noopener\"><img loading=\"lazy\" decoding=\"async\" width=\"492\" height=\"649\" src=\"https:\/\/mojevyslapy.betunak.cz\/wp-content\/uploads\/2024\/04\/Mapa-1.jpg\" alt=\"\" class=\"wp-image-2435\" style=\"aspect-ratio:0.7580893682588598;width:118px;height:auto\" srcset=\"https:\/\/mojevyslapy.betunak.cz\/wp-content\/uploads\/2024\/04\/Mapa-1.jpg 492w, https:\/\/mojevyslapy.betunak.cz\/wp-content\/uploads\/2024\/04\/Mapa-1-227x300.jpg 227w\" sizes=\"auto, (max-width: 492px) 100vw, 492px\" \/><\/a><\/figure><\/div>\n\n<p><span id=\"14.4.24\" class=\"sta-anchor \" aria-hidden=\"true\"><\/span>14.4.2024 VM-Ho\u0161\u0165\u00e1lkov\u00e1-Branky-VM<br \/>\n42,5 km<br \/>\nngg_shortcode_0_placeholder<\/p>\n\n\n<div class=\"wp-block-image\">\n<figure class=\"alignright size-large is-resized\"><a href=\"https:\/\/mapy.cz\/s\/cenejeleto\" target=\"_blank\" rel=\"noreferrer noopener\"><img loading=\"lazy\" decoding=\"async\" width=\"1024\" height=\"583\" src=\"https:\/\/mojevyslapy.betunak.cz\/wp-content\/uploads\/2024\/04\/Mapa-3-1024x583.jpg\" alt=\"\" class=\"wp-image-2496\" style=\"aspect-ratio:1.7564322469982847;width:174px;height:auto\" srcset=\"https:\/\/mojevyslapy.betunak.cz\/wp-content\/uploads\/2024\/04\/Mapa-3-1024x583.jpg 1024w, https:\/\/mojevyslapy.betunak.cz\/wp-content\/uploads\/2024\/04\/Mapa-3-300x171.jpg 300w, https:\/\/mojevyslapy.betunak.cz\/wp-content\/uploads\/2024\/04\/Mapa-3-768x438.jpg 768w, https:\/\/mojevyslapy.betunak.cz\/wp-content\/uploads\/2024\/04\/Mapa-3.jpg 1053w\" sizes=\"auto, (max-width: 1024px) 100vw, 1024px\" \/><\/a><\/figure><\/div>\n\n<p><span id=\"28.4.24\" class=\"sta-anchor \" aria-hidden=\"true\"><\/span>28.4.2024 VM-Ro\u017enov p.R.-VM<br \/>\n47 km<br \/>\nngg_shortcode_1_placeholder<\/p>\n","protected":false},"excerpt":{"rendered":"","protected":false},"author":1,"featured_media":0,"parent":0,"menu_order":0,"comment_status":"closed","ping_status":"closed","template":"","meta":{"ngg_post_thumbnail":0,"footnotes":""},"class_list":["post-2401","page","type-page","status-publish","hentry"],"jetpack_sharing_enabled":true,"_links":{"self":[{"href":"https:\/\/mojevyslapy.betunak.cz\/index.php?rest_route=\/wp\/v2\/pages\/2401","targetHints":{"allow":["GET"]}}],"collection":[{"href":"https:\/\/mojevyslapy.betunak.cz\/index.php?rest_route=\/wp\/v2\/pages"}],"about":[{"href":"https:\/\/mojevyslapy.betunak.cz\/index.php?rest_route=\/wp\/v2\/types\/page"}],"author":[{"embeddable":true,"href":"https:\/\/mojevyslapy.betunak.cz\/index.php?rest_route=\/wp\/v2\/users\/1"}],"replies":[{"embeddable":true,"href":"https:\/\/mojevyslapy.betunak.cz\/index.php?rest_route=%2Fwp%2Fv2%2Fcomments&post=2401"}],"version-history":[{"count":0,"href":"https:\/\/mojevyslapy.betunak.cz\/index.php?rest_route=\/wp\/v2\/pages\/2401\/revisions"}],"wp:attachment":[{"href":"https:\/\/mojevyslapy.betunak.cz\/index.php?rest_route=%2Fwp%2Fv2%2Fmedia&parent=2401"}],"curies":[{"name":"wp","href":"https:\/\/api.w.org\/{rel}","templated":true}]}}