{"id":3679,"date":"2025-09-13T16:52:20","date_gmt":"2025-09-13T15:52:20","guid":{"rendered":"https:\/\/mojevyslapy.betunak.cz\/?page_id=3679"},"modified":"2025-09-13T17:23:44","modified_gmt":"2025-09-13T16:23:44","slug":"cyklo-cerven-2025","status":"publish","type":"page","link":"https:\/\/mojevyslapy.betunak.cz\/?page_id=3679","title":{"rendered":"Cyklo \u010cerven 2025"},"content":{"rendered":"<div class=\"wp-block-image\">\n<figure class=\"alignright size-full is-resized\"><a href=\"https:\/\/mapy.com\/s\/hosocunosa\" target=\"_blank\" rel=\" noreferrer noopener\"><img loading=\"lazy\" decoding=\"async\" width=\"986\" height=\"496\" src=\"https:\/\/mojevyslapy.betunak.cz\/wp-content\/uploads\/2025\/09\/Mapa-1.jpg\" alt=\"\" class=\"wp-image-3725\" style=\"width:169px;height:auto\" srcset=\"https:\/\/mojevyslapy.betunak.cz\/wp-content\/uploads\/2025\/09\/Mapa-1.jpg 986w, https:\/\/mojevyslapy.betunak.cz\/wp-content\/uploads\/2025\/09\/Mapa-1-300x151.jpg 300w, https:\/\/mojevyslapy.betunak.cz\/wp-content\/uploads\/2025\/09\/Mapa-1-768x386.jpg 768w\" sizes=\"auto, (max-width: 986px) 100vw, 986px\" \/><\/a><\/figure><\/div>\n\n<p><span id=\"14.6.25\" class=\"sta-anchor \" aria-hidden=\"true\"><\/span>14.6.2025 Poli\u010dn\u00e1 \u2013 Pod \u017dernov\u00fdm \u2013 Pod Vl\u010d\u00edm \u2013 Zub\u0159\u00ed &#8211; St\u0159\u00edte\u017e &#8211; Poli\u010dn\u00e1<br \/>\n37 km<br \/>\nngg_shortcode_0_placeholder<\/p>\n","protected":false},"excerpt":{"rendered":"","protected":false},"author":1,"featured_media":0,"parent":0,"menu_order":0,"comment_status":"closed","ping_status":"closed","template":"","meta":{"ngg_post_thumbnail":0,"footnotes":""},"class_list":["post-3679","page","type-page","status-publish","hentry"],"jetpack_sharing_enabled":true,"_links":{"self":[{"href":"https:\/\/mojevyslapy.betunak.cz\/index.php?rest_route=\/wp\/v2\/pages\/3679","targetHints":{"allow":["GET"]}}],"collection":[{"href":"https:\/\/mojevyslapy.betunak.cz\/index.php?rest_route=\/wp\/v2\/pages"}],"about":[{"href":"https:\/\/mojevyslapy.betunak.cz\/index.php?rest_route=\/wp\/v2\/types\/page"}],"author":[{"embeddable":true,"href":"https:\/\/mojevyslapy.betunak.cz\/index.php?rest_route=\/wp\/v2\/users\/1"}],"replies":[{"embeddable":true,"href":"https:\/\/mojevyslapy.betunak.cz\/index.php?rest_route=%2Fwp%2Fv2%2Fcomments&post=3679"}],"version-history":[{"count":0,"href":"https:\/\/mojevyslapy.betunak.cz\/index.php?rest_route=\/wp\/v2\/pages\/3679\/revisions"}],"wp:attachment":[{"href":"https:\/\/mojevyslapy.betunak.cz\/index.php?rest_route=%2Fwp%2Fv2%2Fmedia&parent=3679"}],"curies":[{"name":"wp","href":"https:\/\/api.w.org\/{rel}","templated":true}]}}